{"id":233,"date":"2018-02-22T14:37:24","date_gmt":"2018-02-22T12:37:24","guid":{"rendered":"http:\/\/www.osrasinarira.ro\/blog\/?page_id=233"},"modified":"2024-01-16T10:58:13","modified_gmt":"2024-01-16T08:58:13","slug":"personal","status":"publish","type":"page","link":"http:\/\/www.osrasinarira.ro\/blog\/personal\/","title":{"rendered":"Personal"},"content":{"rendered":"<p class=\"style1\" align=\"left\"><strong>ing. Adrian Cre\u021bu &#8211; \u0218ef Ocol<\/strong><\/p>\n<p>ec. Sorin Vecerdea &#8211; Contabil \u0218ef<\/p>\n<p>ing. M\u0103niu\u021biu Ioan \u2013 Responsabil Fond Forestier<\/p>\n<p>ing. Alin V\u00e2lcea &#8211; Responsabil Cultur\u0103 Refacere<\/p>\n<p>ing. Neme\u0219 Dorel &#8211; Responsabil Paz\u0103 \u0219i Protec\u021bia P\u0103durilor<\/p>\n<p>ing. Ioana Gligorea &#8211; Responsabil Produc\u021bie\u00a0<\/p>\n<p>ing. Mihai Bajan &#8211; \u0218ef District I Valea \u0218tezii<\/p>\n<p>ing. Ion Stanciu &#8211; \u0218ef District II Once\u0219ti<\/p>\n<p>p\u0103d. Gu\u0219teri\u021ban Nicolae &#8211; Canton 1 C\u00e2naia<\/p>\n<p>p\u0103d. Bulea Vasile &#8211; Canton 2 Rozde\u0219ti<\/p>\n<p>p\u0103d. Cre\u021boiu Petru &#8211; Canton 3 Buru<\/p>\n<p>p\u0103d. Mu\u021biu Milic\u0103\u00a0 &#8211; Canton 4 Str\u00e2mbu<\/p>\n<p>p\u0103d. Cotoar\u0103 Constantin-\u00a0 Canton 5 Catrina<\/p>\n<p>p\u0103d. Vidrighin Ioan &#8211; Canton 6 B\u0103tr\u00e2na<\/p>\n<p>p\u0103d. Com\u0219a Vasile &#8211; Canton 7 Muncel<\/p>\n<p>p\u0103d. Mu\u021biu Ioan &#8211; Canton 8 Gro\u0219i<\/p>\n<p>p\u0103d. Gu\u0219teri\u021ban Petru &#8211; Canton 9 Tomnatec<\/p>\n<p>p\u0103d. Tara Radu &#8211; Canton 10 \u0218anta<\/p>\n<p>Bozdoghin\u0103 Vlad &#8211; Conduc\u0103tor auto<\/p>\n<p>Dina Ioan &#8211; Buldoexcavatorist<\/p>\n<p>Blezu Petru &#8211; Tractorist<\/p>\n<p>Roman Bucur &#8211; Fasonator mecanic<\/p>\n<p>Cotoar\u0103 Maria &#8211; Muncitor \u00eentre\u021binere<\/p>\n<p>Radu\u021b Ioan &#8211; Drumar<\/p>\n<p>Coman Bucurel &#8211; Muncitor<\/p>\n<p>\u00a0<\/p>\n<p>Podariu Maria &#8211; pensionat<\/p>\n<p>ing. Bratu Iulian &#8211; \u00eencetat activitatea<\/p>\n<p>th. D\u00e2rja Claudiu &#8211; \u00eencetat activitatea<\/p>\n<p>th. Hanea Ilie &#8211; \u00eencetat activitatea<\/p>\n<p>p\u0103d. Avram Vasile &#8211; \u00eencetat activitatea<\/p>\n<p>p\u0103d. Bot\u0103rel Ionu\u021b &#8211; \u00eencetat activitatea<\/p>\n<p>p\u0103d. Bratu Ioan &#8211; \u00eencetat activitatea<\/p>\n<p>p\u0103d. Bratu Ioan Constantin &#8211; \u00eencetat activitatea<\/p>\n<p>p\u0103d. Cotoar\u0103 Ilie &#8211; pensionat<\/p>\n<p>p\u0103d. Grebenea Ioan &#8211; penionat<\/p>\n<p>p\u0103d. Nedelecu Vasile &#8211; pensionat<\/p>\n<p>Dina Ioan &#8211; pensionat<\/p>\n<p>\u00a0<\/p>\n<p><img loading=\"lazy\" decoding=\"async\" class=\"alignnone  wp-image-828\" src=\"http:\/\/www.osrasinarira.ro\/blog\/wp-content\/uploads\/2020\/02\/crucea-latina.jpg\" alt=\"\" width=\"15\" height=\"21\" \/>ing. Apolzan Ioan\u00a0<\/p>\n<p><img loading=\"lazy\" decoding=\"async\" class=\"alignnone  wp-image-828\" src=\"http:\/\/www.osrasinarira.ro\/blog\/wp-content\/uploads\/2020\/02\/crucea-latina.jpg\" alt=\"\" width=\"15\" height=\"21\" \/> \u00a0Arca\u0219 Vasile<\/p>\n<p><img loading=\"lazy\" decoding=\"async\" class=\"alignnone  wp-image-828\" src=\"http:\/\/www.osrasinarira.ro\/blog\/wp-content\/uploads\/2020\/02\/crucea-latina.jpg\" alt=\"\" width=\"15\" height=\"21\" \/> p\u0103d. Mu\u021biu Ioan<\/p>\n<p><img loading=\"lazy\" decoding=\"async\" class=\"alignnone  wp-image-828\" src=\"http:\/\/www.osrasinarira.ro\/blog\/wp-content\/uploads\/2020\/02\/crucea-latina.jpg\" alt=\"\" width=\"15\" height=\"21\" \/>\u00a0 p\u0103d. Fleschin Ioan<\/p>\n<p><img loading=\"lazy\" decoding=\"async\" class=\"alignnone  wp-image-828\" src=\"http:\/\/www.osrasinarira.ro\/blog\/wp-content\/uploads\/2020\/02\/crucea-latina.jpg\" alt=\"\" width=\"15\" height=\"21\" \/> p\u0103d. S\u0103dean Ioan<\/p>\n\n\n<p><\/p>\n","protected":false},"excerpt":{"rendered":"<p>ing. Adrian Cre\u021bu &#8211; \u0218ef Ocol ec. Sorin Vecerdea &#8211; Contabil \u0218ef ing. M\u0103niu\u021biu Ioan \u2013 Responsabil Fond Forestier ing. Alin V\u00e2lcea &#8211; Responsabil Cultur\u0103 Refacere ing. Neme\u0219 Dorel &#8211; Responsabil Paz\u0103 \u0219i Protec\u021bia P\u0103durilor ing. Ioana Gligorea &#8211; Responsabil Produc\u021bie\u00a0 ing. Mihai Bajan &#8211; \u0218ef District I Valea \u0218tezii ing. Ion Stanciu &#8211; \u0218ef &hellip; <\/p>\n<p class=\"link-more\"><a href=\"http:\/\/www.osrasinarira.ro\/blog\/personal\/\" class=\"more-link\">Continue reading<span class=\"screen-reader-text\"> &#8220;Personal&#8221;<\/span><\/a><\/p>\n","protected":false},"author":1,"featured_media":0,"parent":0,"menu_order":0,"comment_status":"closed","ping_status":"closed","template":"","meta":{"footnotes":""},"_links":{"self":[{"href":"http:\/\/www.osrasinarira.ro\/blog\/wp-json\/wp\/v2\/pages\/233"}],"collection":[{"href":"http:\/\/www.osrasinarira.ro\/blog\/wp-json\/wp\/v2\/pages"}],"about":[{"href":"http:\/\/www.osrasinarira.ro\/blog\/wp-json\/wp\/v2\/types\/page"}],"author":[{"embeddable":true,"href":"http:\/\/www.osrasinarira.ro\/blog\/wp-json\/wp\/v2\/users\/1"}],"replies":[{"embeddable":true,"href":"http:\/\/www.osrasinarira.ro\/blog\/wp-json\/wp\/v2\/comments?post=233"}],"version-history":[{"count":16,"href":"http:\/\/www.osrasinarira.ro\/blog\/wp-json\/wp\/v2\/pages\/233\/revisions"}],"predecessor-version":[{"id":1423,"href":"http:\/\/www.osrasinarira.ro\/blog\/wp-json\/wp\/v2\/pages\/233\/revisions\/1423"}],"wp:attachment":[{"href":"http:\/\/www.osrasinarira.ro\/blog\/wp-json\/wp\/v2\/media?parent=233"}],"curies":[{"name":"wp","href":"https:\/\/api.w.org\/{rel}","templated":true}]}}